{"id":38,"date":"2014-07-08T16:54:12","date_gmt":"2014-07-08T16:54:12","guid":{"rendered":"http:\/\/www.cerrajeriasanjuan.com\/es\/?page_id=38"},"modified":"2024-09-04T09:17:53","modified_gmt":"2024-09-04T09:17:53","slug":"inicio","status":"publish","type":"page","link":"http:\/\/www.cerrajeriasanjuan.com\/es\/","title":{"rendered":"INICIO"},"content":{"rendered":"<p>[et_pb_section fb_built=\u00bb1&#8243; fullwidth=\u00bbon\u00bb custom_padding_last_edited=\u00bbon|desktop\u00bb admin_label=\u00bbsection\u00bb _builder_version=\u00bb4.16&#8243; custom_padding_tablet=\u00bb50px|0|50px|0&#8243; custom_padding_phone=\u00bb\u00bb transparent_background=\u00bboff\u00bb padding_mobile=\u00bboff\u00bb global_colors_info=\u00bb{}\u00bb][et_pb_fullwidth_slider admin_label=\u00bbFullwidth Slider\u00bb _builder_version=\u00bb4.16&#8243; header_font=\u00bb|on|||\u00bb background_position=\u00bbtop_left\u00bb custom_padding=\u00bb|||\u00bb auto=\u00bbon\u00bb auto_speed=\u00bb2000&#8243; global_colors_info=\u00bb{}\u00bb button_text_size__hover_enabled=\u00bboff\u00bb button_text_size__hover=\u00bbnull\u00bb button_one_text_size__hover_enabled=\u00bboff\u00bb button_one_text_size__hover=\u00bbnull\u00bb button_two_text_size__hover_enabled=\u00bboff\u00bb button_two_text_size__hover=\u00bbnull\u00bb button_text_color__hover_enabled=\u00bboff\u00bb button_text_color__hover=\u00bbnull\u00bb button_one_text_color__hover_enabled=\u00bboff\u00bb button_one_text_color__hover=\u00bbnull\u00bb button_two_text_color__hover_enabled=\u00bboff\u00bb button_two_text_color__hover=\u00bbnull\u00bb button_border_width__hover_enabled=\u00bboff\u00bb button_border_width__hover=\u00bbnull\u00bb button_one_border_width__hover_enabled=\u00bboff\u00bb button_one_border_width__hover=\u00bbnull\u00bb button_two_border_width__hover_enabled=\u00bboff\u00bb button_two_border_width__hover=\u00bbnull\u00bb button_border_color__hover_enabled=\u00bboff\u00bb button_border_color__hover=\u00bbnull\u00bb button_one_border_color__hover_enabled=\u00bboff\u00bb button_one_border_color__hover=\u00bbnull\u00bb button_two_border_color__hover_enabled=\u00bboff\u00bb button_two_border_color__hover=\u00bbnull\u00bb button_border_radius__hover_enabled=\u00bboff\u00bb button_border_radius__hover=\u00bbnull\u00bb button_one_border_radius__hover_enabled=\u00bboff\u00bb button_one_border_radius__hover=\u00bbnull\u00bb button_two_border_radius__hover_enabled=\u00bboff\u00bb button_two_border_radius__hover=\u00bbnull\u00bb button_letter_spacing__hover_enabled=\u00bbon\u00bb button_letter_spacing__hover=\u00bb0&#8243; button_one_letter_spacing__hover_enabled=\u00bboff\u00bb button_one_letter_spacing__hover=\u00bbnull\u00bb button_two_letter_spacing__hover_enabled=\u00bboff\u00bb button_two_letter_spacing__hover=\u00bbnull\u00bb button_bg_color__hover_enabled=\u00bboff\u00bb button_bg_color__hover=\u00bbnull\u00bb button_one_bg_color__hover_enabled=\u00bboff\u00bb button_one_bg_color__hover=\u00bbnull\u00bb button_two_bg_color__hover_enabled=\u00bboff\u00bb button_two_bg_color__hover=\u00bbnull\u00bb][et_pb_slide use_bg_overlay=\u00bboff\u00bb use_text_overlay=\u00bboff\u00bb _builder_version=\u00bb4.16&#8243; header_font=\u00bb||||\u00bb body_font=\u00bb||||\u00bb background_color=\u00bb#ffffff\u00bb background_image=\u00bbhttp:\/\/www.cerrajeriasanjuan.com\/wp-content\/uploads\/2016\/08\/13620083_820097824756358_8161056322573272522_n.jpg\u00bb background_position=\u00bbtop_left\u00bb button_on_hover=\u00bbon\u00bb global_colors_info=\u00bb{}\u00bb sticky_transition=\u00bbon\u00bb][\/et_pb_slide][et_pb_slide heading=\u00bbBARANDILLAS PARA ESCALERAS\u00bb use_bg_overlay=\u00bboff\u00bb use_text_overlay=\u00bboff\u00bb _builder_version=\u00bb4.16&#8243; header_font=\u00bb||||\u00bb body_font=\u00bb||||\u00bb background_color=\u00bb#ffffff\u00bb background_image=\u00bbhttp:\/\/www.cerrajeriasanjuan.com\/wp-content\/uploads\/2014\/07\/Barandillas-Escalera1.jpg\u00bb button_icon_placement=\u00bbright\u00bb button_on_hover=\u00bbon\u00bb video_bg_width=\u00bb1920&#8243; video_bg_height=\u00bb638&#8243; global_colors_info=\u00bb{}\u00bb sticky_transition=\u00bbon\u00bb][\/et_pb_slide][et_pb_slide heading=\u00bbREJAS\u00bb use_bg_overlay=\u00bboff\u00bb use_text_overlay=\u00bboff\u00bb _builder_version=\u00bb4.16&#8243; header_font=\u00bb||||\u00bb body_font=\u00bb||||\u00bb background_color=\u00bb#ffffff\u00bb background_image=\u00bbhttp:\/\/www.cerrajeriasanjuan.com\/wp-content\/uploads\/2014\/07\/Puerta-Peatonal4.jpg\u00bb button_icon_placement=\u00bbright\u00bb button_on_hover=\u00bbon\u00bb global_colors_info=\u00bb{}\u00bb sticky_transition=\u00bbon\u00bb][\/et_pb_slide][et_pb_slide heading=\u00bbCERCADOS\u00bb use_bg_overlay=\u00bboff\u00bb use_text_overlay=\u00bboff\u00bb _builder_version=\u00bb4.16&#8243; header_font=\u00bb||||\u00bb body_font=\u00bb||||\u00bb background_color=\u00bb#ffffff\u00bb background_image=\u00bbhttp:\/\/www.cerrajeriasanjuan.com\/wp-content\/uploads\/2014\/07\/Cerramiento-Seguridad-2.jpg\u00bb button_icon_placement=\u00bbright\u00bb button_on_hover=\u00bbon\u00bb global_colors_info=\u00bb{}\u00bb sticky_transition=\u00bbon\u00bb][\/et_pb_slide][et_pb_slide heading=\u00bbBARBACOAS Y HORNOS\u00bb use_bg_overlay=\u00bboff\u00bb use_text_overlay=\u00bboff\u00bb _builder_version=\u00bb4.16&#8243; header_font=\u00bb||||\u00bb body_font=\u00bb||||\u00bb background_color=\u00bb#ffffff\u00bb background_image=\u00bbhttp:\/\/www.cerrajeriasanjuan.com\/wp-content\/uploads\/2014\/07\/530966_301231453309667_1304974118_n1.jpg\u00bb button_icon_placement=\u00bbright\u00bb button_on_hover=\u00bbon\u00bb global_colors_info=\u00bb{}\u00bb sticky_transition=\u00bbon\u00bb][\/et_pb_slide][et_pb_slide heading=\u00bbPUERTAS DE ENTRADA\u00bb use_bg_overlay=\u00bboff\u00bb use_text_overlay=\u00bboff\u00bb _builder_version=\u00bb4.16&#8243; header_font=\u00bb||||\u00bb body_font=\u00bb||||\u00bb background_color=\u00bb#ffffff\u00bb background_image=\u00bbhttp:\/\/www.cerrajeriasanjuan.com\/wp-content\/uploads\/2014\/07\/puertas.jpg\u00bb button_icon_placement=\u00bbright\u00bb button_on_hover=\u00bbon\u00bb global_colors_info=\u00bb{}\u00bb sticky_transition=\u00bbon\u00bb][\/et_pb_slide][et_pb_slide heading=\u00bbVALLAS PUBLICITARIAS\u00bb use_bg_overlay=\u00bboff\u00bb use_text_overlay=\u00bboff\u00bb _builder_version=\u00bb4.16&#8243; header_font=\u00bb||||\u00bb body_font=\u00bb||||\u00bb background_color=\u00bb#ffffff\u00bb background_image=\u00bbhttp:\/\/www.cerrajeriasanjuan.com\/wp-content\/uploads\/2014\/07\/VALLAS.jpg\u00bb button_icon_placement=\u00bbright\u00bb button_on_hover=\u00bbon\u00bb global_colors_info=\u00bb{}\u00bb sticky_transition=\u00bbon\u00bb][\/et_pb_slide][\/et_pb_fullwidth_slider][\/et_pb_section][et_pb_section fb_built=\u00bb1&#8243; _builder_version=\u00bb4.21.0&#8243; _module_preset=\u00bbdefault\u00bb global_colors_info=\u00bb{}\u00bb][\/et_pb_section][et_pb_section fb_built=\u00bb1&#8243; custom_padding_last_edited=\u00bbon|desktop\u00bb admin_label=\u00bbsection\u00bb _builder_version=\u00bb4.16&#8243; custom_padding_tablet=\u00bb50px|0|50px|0&#8243; custom_padding_phone=\u00bb\u00bb transparent_background=\u00bboff\u00bb padding_mobile=\u00bboff\u00bb global_colors_info=\u00bb{}\u00bb][et_pb_row column_structure=\u00bb3_5,2_5&#8243; padding_mobile=\u00bboff\u00bb column_padding_mobile=\u00bbon\u00bb admin_label=\u00bbrow\u00bb _builder_version=\u00bb4.16&#8243; background_size=\u00bbinitial\u00bb background_position=\u00bbtop_left\u00bb background_repeat=\u00bbrepeat\u00bb global_colors_info=\u00bb{}\u00bb][et_pb_column type=\u00bb3_5&#8243; _builder_version=\u00bb4.16&#8243; custom_padding=\u00bb|||\u00bb global_colors_info=\u00bb{}\u00bb custom_padding__hover=\u00bb|||\u00bb][et_pb_cta button_url=\u00bbtel:656509113&#8243; button_text=\u00bbPINCHA AQUI LLAMANOS\u00bb admin_label=\u00bbCall To Action\u00bb _builder_version=\u00bb4.16&#8243; use_background_color=\u00bboff\u00bb background_size=\u00bbinitial\u00bb background_position=\u00bbtop_left\u00bb background_repeat=\u00bbrepeat\u00bb background_layout=\u00bblight\u00bb button_letter_spacing_hover=\u00bb0&#8243; use_border_color=\u00bboff\u00bb border_color=\u00bb#ffffff\u00bb border_width=\u00bb1px\u00bb border_style=\u00bbsolid\u00bb global_colors_info=\u00bb{}\u00bb button_text_size__hover_enabled=\u00bboff\u00bb button_text_size__hover=\u00bbnull\u00bb button_one_text_size__hover_enabled=\u00bboff\u00bb button_one_text_size__hover=\u00bbnull\u00bb button_two_text_size__hover_enabled=\u00bboff\u00bb button_two_text_size__hover=\u00bbnull\u00bb button_text_color__hover_enabled=\u00bboff\u00bb button_text_color__hover=\u00bbnull\u00bb button_one_text_color__hover_enabled=\u00bboff\u00bb button_one_text_color__hover=\u00bbnull\u00bb button_two_text_color__hover_enabled=\u00bboff\u00bb button_two_text_color__hover=\u00bbnull\u00bb button_border_width__hover_enabled=\u00bboff\u00bb button_border_width__hover=\u00bbnull\u00bb button_one_border_width__hover_enabled=\u00bboff\u00bb button_one_border_width__hover=\u00bbnull\u00bb button_two_border_width__hover_enabled=\u00bboff\u00bb button_two_border_width__hover=\u00bbnull\u00bb button_border_color__hover_enabled=\u00bboff\u00bb button_border_color__hover=\u00bbnull\u00bb button_one_border_color__hover_enabled=\u00bboff\u00bb button_one_border_color__hover=\u00bbnull\u00bb button_two_border_color__hover_enabled=\u00bboff\u00bb button_two_border_color__hover=\u00bbnull\u00bb button_border_radius__hover_enabled=\u00bboff\u00bb button_border_radius__hover=\u00bbnull\u00bb button_one_border_radius__hover_enabled=\u00bboff\u00bb button_one_border_radius__hover=\u00bbnull\u00bb button_two_border_radius__hover_enabled=\u00bboff\u00bb button_two_border_radius__hover=\u00bbnull\u00bb button_letter_spacing__hover_enabled=\u00bbon\u00bb button_letter_spacing__hover=\u00bb0&#8243; button_one_letter_spacing__hover_enabled=\u00bboff\u00bb button_one_letter_spacing__hover=\u00bbnull\u00bb button_two_letter_spacing__hover_enabled=\u00bboff\u00bb button_two_letter_spacing__hover=\u00bbnull\u00bb button_bg_color__hover_enabled=\u00bboff\u00bb button_bg_color__hover=\u00bbnull\u00bb button_one_bg_color__hover_enabled=\u00bboff\u00bb button_one_bg_color__hover=\u00bbnull\u00bb button_two_bg_color__hover_enabled=\u00bboff\u00bb button_two_bg_color__hover=\u00bbnull\u00bb][\/et_pb_cta][et_pb_text admin_label=\u00bbText\u00bb _builder_version=\u00bb4.16&#8243; text_font_size=\u00bb15px\u00bb background_size=\u00bbinitial\u00bb background_position=\u00bbtop_left\u00bb background_repeat=\u00bbrepeat\u00bb use_border_color=\u00bboff\u00bb border_style=\u00bbsolid\u00bb global_colors_info=\u00bb{}\u00bb]<\/p>\n<p style=\"text-align: justify;\"><strong>Cerrajer\u00eda Sanju\u00e1n<\/strong> es una empresa del sector metal\u00fargico fundada en 1989. Desde sus inicios la l\u00ednea principal de actividad se centraba en la <strong>metalister\u00eda<\/strong> y c<strong>errajer\u00eda artesana y de forja<\/strong>. Con el paso del tiempo, y ante las exigencias, necesidades y el desarrollo indispensable de este sector ha hecho que surjan nuevas l\u00edneas de actividad, como la fabricaci\u00f3n de productos de <strong>calderer\u00eda<\/strong>, <strong>piezas industriales y estructuras met\u00e1licas.<\/strong><br \/> Uno de los objetivos de <strong>Cerrajer\u00eda Sanju\u00e1n<\/strong> es ofrecer una garant\u00eda de calidad y satisfacer a nuestros clientes tanto en suministro, contando con una gama de proveedores de calidad capaces de poder solventar cualquier problema que pueda surgir en algunos de nuestros clientes, como en la fabricaci\u00f3n de piezas especificas contando para ello con la maquinaria adecuada que nos facilitan el hacer posible trabajos espec\u00edficos. Dentro de la maquinaria que disponemos van desde corte de laser tanto en su dise\u00f1o como en su fabricaci\u00f3n, como maquinas para el deforme de material, curvadoras, rodillos, plegadoras, cizalla etc.<\/p>\n<p style=\"text-align: justify;\">Tambi\u00e9n contamos con un equipo de montadores para el montaje de ciertas piezas especificas en obra como montaje de estructuras met\u00e1licas, contamos con maquinas de elevaci\u00f3n para trabajos espec\u00edficos as\u00ed como personal cualificado con certificaciones de <strong>soldadura<\/strong> y <strong>tubero industrial.<\/strong><\/p>\n<p style=\"text-align: justify;\"><strong>Cerrajer\u00eda Sanju\u00e1n<\/strong> es una empresa que apuesta en su compromiso y seriedad siempre intentando estar a la vanguardia en dise\u00f1o y estudio de nuevas maquinarias y productos, para afrontar todas las necesidades y exigencias que ofrece el sector.<\/p>\n<p>[\/et_pb_text][\/et_pb_column][et_pb_column type=\u00bb2_5&#8243; _builder_version=\u00bb4.16&#8243; custom_padding=\u00bb|||\u00bb global_colors_info=\u00bb{}\u00bb custom_padding__hover=\u00bb|||\u00bb][et_pb_social_media_follow url_new_window=\u00bboff\u00bb _builder_version=\u00bb4.16&#8243; link_shape=\u00bbrounded_rectangle\u00bb global_colors_info=\u00bb{}\u00bb][et_pb_social_media_follow_network social_network=\u00bbfacebook\u00bb url=\u00bbhttps:\/\/www.facebook.com\/cerrajeriasanjuan\/?fref=ts\u00bb _builder_version=\u00bb4.16&#8243; background_color=\u00bb#3b5998&#8243; bg_color=\u00bb#3b5998&#8243; global_colors_info=\u00bb{}\u00bb follow_button=\u00bboff\u00bb url_new_window=\u00bboff\u00bb]Facebook<br \/>\n[\/et_pb_social_media_follow_network][\/et_pb_social_media_follow][et_pb_text admin_label=\u00bbText\u00bb _builder_version=\u00bb4.16&#8243; background_size=\u00bbinitial\u00bb background_position=\u00bbtop_left\u00bb background_repeat=\u00bbrepeat\u00bb text_orientation=\u00bbcenter\u00bb module_alignment=\u00bbcenter\u00bb use_border_color=\u00bboff\u00bb border_style=\u00bbsolid\u00bb global_colors_info=\u00bb{}\u00bb]<\/p>\n<div id=\"translator_7955\"><noscript>Javascript is disable &#8211; <a href=\"http:\/\/www.webestools.com\/\">http:\/\/www.webestools.com\/<\/a> &#8211; <a href=\"http:\/\/www.webestools.com\/translator-buttons-web-page-translation-google-translate-website-widget-online-html-translator.html\">Translation Buttons Generator<\/a><\/noscript><\/div>\n<p><script src=\"http:\/\/services.webestools.com\/translator\/7955-1-ynnnnynny.js\"><\/script><\/p>\n<p>[\/et_pb_text][et_pb_image src=\u00bbhttp:\/\/www.cerrajeriasanjuan.com\/wp-content\/uploads\/2019\/07\/logoaniversario.png\u00bb _builder_version=\u00bb4.16&#8243; width=\u00bb52%\u00bb module_alignment=\u00bbcenter\u00bb custom_margin=\u00bb|||55px||\u00bb global_colors_info=\u00bb{}\u00bb][\/et_pb_image][et_pb_image src=\u00bbhttp:\/\/www.cerrajeriasanjuan.com\/wp-content\/uploads\/2014\/07\/cortedechapas.png\u00bb url=\u00bbhttp:\/\/www.cerrajeriasanjuan.com\/es\/chapas\/corte-de-chapas\/\u00bb align_tablet=\u00bbcenter\u00bb align_phone=\u00bb\u00bb align_last_edited=\u00bbon|desktop\u00bb admin_label=\u00bbImage\u00bb _builder_version=\u00bb4.16&#8243; use_border_color=\u00bboff\u00bb border_color=\u00bb#ffffff\u00bb border_width=\u00bb1px\u00bb border_style=\u00bbsolid\u00bb animation=\u00bboff\u00bb sticky=\u00bboff\u00bb global_colors_info=\u00bb{}\u00bb]<br \/>\n[\/et_pb_image][\/et_pb_column][\/et_pb_row][\/et_pb_section][et_pb_section fb_built=\u00bb1&#8243; _builder_version=\u00bb4.21.0&#8243; _module_preset=\u00bbdefault\u00bb global_colors_info=\u00bb{}\u00bb][et_pb_row _builder_version=\u00bb4.21.0&#8243; _module_preset=\u00bbdefault\u00bb global_colors_info=\u00bb{}\u00bb][et_pb_column type=\u00bb4_4&#8243; _builder_version=\u00bb4.21.0&#8243; _module_preset=\u00bbdefault\u00bb global_colors_info=\u00bb{}\u00bb][et_pb_video src=\u00bbhttp:\/\/www.cerrajeriasanjuan.com\/wp-content\/uploads\/2023\/06\/Diseno-sin-titulo.mp4&#8243; _builder_version=\u00bb4.21.0&#8243; _module_preset=\u00bbdefault\u00bb global_colors_info=\u00bb{}\u00bb][\/et_pb_video][\/et_pb_column][\/et_pb_row][\/et_pb_section][et_pb_section fb_built=\u00bb1&#8243; _builder_version=\u00bb4.21.0&#8243; _module_preset=\u00bbdefault\u00bb global_colors_info=\u00bb{}\u00bb][et_pb_row _builder_version=\u00bb4.21.0&#8243; _module_preset=\u00bbdefault\u00bb global_colors_info=\u00bb{}\u00bb][et_pb_column type=\u00bb4_4&#8243; _builder_version=\u00bb4.21.0&#8243; _module_preset=\u00bbdefault\u00bb global_colors_info=\u00bb{}\u00bb][et_pb_text _builder_version=\u00bb4.21.0&#8243; _module_preset=\u00bbdefault\u00bb global_colors_info=\u00bb{}\u00bb]<\/p>\n<h1 style=\"text-align: center;\">PUBLICACION EN EL DIARIO \u00abEL ESPA\u00d1OL\u00bb (20-05-23)<\/h1>\n<p>[\/et_pb_text][\/et_pb_column][\/et_pb_row][\/et_pb_section][et_pb_section fb_built=\u00bb1&#8243; _builder_version=\u00bb4.21.0&#8243; _module_preset=\u00bbdefault\u00bb global_colors_info=\u00bb{}\u00bb][et_pb_row _builder_version=\u00bb4.21.0&#8243; _module_preset=\u00bbdefault\u00bb global_colors_info=\u00bb{}\u00bb][et_pb_column type=\u00bb4_4&#8243; _builder_version=\u00bb4.21.0&#8243; _module_preset=\u00bbdefault\u00bb global_colors_info=\u00bb{}\u00bb][et_pb_text _builder_version=\u00bb4.21.0&#8243; _module_preset=\u00bbdefault\u00bb global_colors_info=\u00bb{}\u00bb]<\/p>\n<h1 class=\"article-header__heading article-header__heading--s3\" style=\"text-align: center;\"><strong>\u00bfQu\u00e9 es de una sardina sin un buen espeto?: ni Chicote se resiste a los que fabrican los Sanju\u00e1n en Marbella<\/strong><\/h1>\n<p>[\/et_pb_text][et_pb_text _builder_version=\u00bb4.21.0&#8243; _module_preset=\u00bbdefault\u00bb global_colors_info=\u00bb{}\u00bb]<\/p>\n<h2 class=\"article-header__subheading\" style=\"text-align: center;\">Son de acero inoxidable, lo que los hace mucho m\u00e1s pr\u00e1cticos e higi\u00e9nicos, y los venden a todo el mundo a trav\u00e9s de su p\u00e1gina web.<\/h2>\n<p>[\/et_pb_text][et_pb_button button_url=\u00bbhttps:\/\/espetossanjuan.com\/que-es-de-una-sardina-sin-un-buen-espeto-ni-chicote-se-resiste-a-los-que-fabrican-los-sanjuan-en-marbella?et_fb=1&#038;PageSpeed=off\u00bb button_text=\u00bbLeer noticia completa\u00bb button_alignment=\u00bbcenter\u00bb _builder_version=\u00bb4.21.0&#8243; _module_preset=\u00bbdefault\u00bb global_colors_info=\u00bb{}\u00bb][\/et_pb_button][\/et_pb_column][\/et_pb_row][et_pb_row _builder_version=\u00bb4.21.0&#8243; _module_preset=\u00bbdefault\u00bb global_colors_info=\u00bb{}\u00bb][et_pb_column type=\u00bb4_4&#8243; _builder_version=\u00bb4.21.0&#8243; _module_preset=\u00bbdefault\u00bb global_colors_info=\u00bb{}\u00bb][et_pb_text _builder_version=\u00bb4.21.0&#8243; _module_preset=\u00bbdefault\u00bb global_colors_info=\u00bb{}\u00bb]<\/p>\n<p>Your content goes here. Edit or remove this text inline or in the module Content settings. You can also style every aspect of this content in the module Design settings and even apply custom CSS to this text in the module Advanced settings.<\/p>\n<p>[\/et_pb_text][\/et_pb_column][\/et_pb_row][\/et_pb_section][et_pb_section fb_built=\u00bb1&#8243; custom_padding_last_edited=\u00bbon|desktop\u00bb admin_label=\u00bbsection\u00bb _builder_version=\u00bb4.16&#8243; custom_padding_tablet=\u00bb50px|0|50px|0&#8243; custom_padding_phone=\u00bb\u00bb transparent_background=\u00bboff\u00bb padding_mobile=\u00bboff\u00bb global_colors_info=\u00bb{}\u00bb][et_pb_row padding_mobile=\u00bboff\u00bb column_padding_mobile=\u00bbon\u00bb admin_label=\u00bbrow\u00bb _builder_version=\u00bb4.16&#8243; background_size=\u00bbinitial\u00bb background_position=\u00bbtop_left\u00bb background_repeat=\u00bbrepeat\u00bb global_colors_info=\u00bb{}\u00bb][et_pb_column type=\u00bb4_4&#8243; _builder_version=\u00bb4.16&#8243; custom_padding=\u00bb|||\u00bb global_colors_info=\u00bb{}\u00bb custom_padding__hover=\u00bb|||\u00bb][et_pb_cta admin_label=\u00bbCall To Action\u00bb _builder_version=\u00bb4.16&#8243; background_color=\u00bb#\u00bb background_size=\u00bbinitial\u00bb background_position=\u00bbtop_left\u00bb background_repeat=\u00bbrepeat\u00bb background_layout=\u00bblight\u00bb button_letter_spacing_hover=\u00bb0&#8243; use_border_color=\u00bboff\u00bb border_color=\u00bb#ffffff\u00bb border_width=\u00bb1px\u00bb border_style=\u00bbsolid\u00bb global_colors_info=\u00bb{}\u00bb button_text_size__hover_enabled=\u00bboff\u00bb button_text_size__hover=\u00bbnull\u00bb button_one_text_size__hover_enabled=\u00bboff\u00bb button_one_text_size__hover=\u00bbnull\u00bb button_two_text_size__hover_enabled=\u00bboff\u00bb button_two_text_size__hover=\u00bbnull\u00bb button_text_color__hover_enabled=\u00bboff\u00bb button_text_color__hover=\u00bbnull\u00bb button_one_text_color__hover_enabled=\u00bboff\u00bb button_one_text_color__hover=\u00bbnull\u00bb button_two_text_color__hover_enabled=\u00bboff\u00bb button_two_text_color__hover=\u00bbnull\u00bb button_border_width__hover_enabled=\u00bboff\u00bb button_border_width__hover=\u00bbnull\u00bb button_one_border_width__hover_enabled=\u00bboff\u00bb button_one_border_width__hover=\u00bbnull\u00bb button_two_border_width__hover_enabled=\u00bboff\u00bb button_two_border_width__hover=\u00bbnull\u00bb button_border_color__hover_enabled=\u00bboff\u00bb button_border_color__hover=\u00bbnull\u00bb button_one_border_color__hover_enabled=\u00bboff\u00bb button_one_border_color__hover=\u00bbnull\u00bb button_two_border_color__hover_enabled=\u00bboff\u00bb button_two_border_color__hover=\u00bbnull\u00bb button_border_radius__hover_enabled=\u00bboff\u00bb button_border_radius__hover=\u00bbnull\u00bb button_one_border_radius__hover_enabled=\u00bboff\u00bb button_one_border_radius__hover=\u00bbnull\u00bb button_two_border_radius__hover_enabled=\u00bboff\u00bb button_two_border_radius__hover=\u00bbnull\u00bb button_letter_spacing__hover_enabled=\u00bbon\u00bb button_letter_spacing__hover=\u00bb0&#8243; button_one_letter_spacing__hover_enabled=\u00bboff\u00bb button_one_letter_spacing__hover=\u00bbnull\u00bb button_two_letter_spacing__hover_enabled=\u00bboff\u00bb button_two_letter_spacing__hover=\u00bbnull\u00bb button_bg_color__hover_enabled=\u00bboff\u00bb button_bg_color__hover=\u00bbnull\u00bb button_one_bg_color__hover_enabled=\u00bboff\u00bb button_one_bg_color__hover=\u00bbnull\u00bb button_two_bg_color__hover_enabled=\u00bboff\u00bb button_two_bg_color__hover=\u00bbnull\u00bb]<\/p>\n<h3 style=\"text-align: center;\"><strong><em>Trabajamos en el \u00e1mbito de la rotulacion: vallas publicitarias, luminosos, carteleria.<\/em><\/strong><\/h3>\n<p>[\/et_pb_cta][\/et_pb_column][\/et_pb_row][\/et_pb_section][et_pb_section fb_built=\u00bb1&#8243; custom_padding_last_edited=\u00bbon|desktop\u00bb admin_label=\u00bbsection\u00bb _builder_version=\u00bb4.16&#8243; background_color=\u00bb#d8d8d8&#8243; custom_padding_tablet=\u00bb50px|0|50px|0&#8243; custom_padding_phone=\u00bb\u00bb transparent_background=\u00bboff\u00bb padding_mobile=\u00bboff\u00bb global_colors_info=\u00bb{}\u00bb][et_pb_row column_structure=\u00bb1_4,1_4,1_4,1_4&#8243; padding_mobile=\u00bboff\u00bb column_padding_mobile=\u00bbon\u00bb admin_label=\u00bbrow\u00bb _builder_version=\u00bb4.16&#8243; background_size=\u00bbinitial\u00bb background_position=\u00bbtop_left\u00bb background_repeat=\u00bbrepeat\u00bb global_colors_info=\u00bb{}\u00bb][et_pb_column type=\u00bb1_4&#8243; _builder_version=\u00bb4.16&#8243; custom_padding=\u00bb|||\u00bb global_colors_info=\u00bb{}\u00bb custom_padding__hover=\u00bb|||\u00bb][et_pb_blurb title=\u00bbREJAS\u00bb url=\u00bbhttp:\/\/www.cerrajeriasanjuan.com\/es\/rejas\/\u00bb use_icon=\u00bbon\u00bb font_icon=\u00bb&#xe0ef;||divi||400&#8243; admin_label=\u00bbBlurb\u00bb _builder_version=\u00bb4.16&#8243; background_size=\u00bbinitial\u00bb background_position=\u00bbtop_left\u00bb background_repeat=\u00bbrepeat\u00bb text_orientation=\u00bbcenter\u00bb animation=\u00bboff\u00bb use_border_color=\u00bboff\u00bb border_color=\u00bb#ffffff\u00bb border_width=\u00bb1px\u00bb border_style=\u00bbsolid\u00bb global_colors_info=\u00bb{}\u00bb]<\/p>\n<p style=\"text-align: center;\"><span style=\"color: #000000;\">Realizamos todo tipo de\u00a0<\/span><strong style=\"color: #000000;\">rejas<\/strong><span style=\"color: #000000;\">\u00a0de dise\u00f1o, de tubo, hierro macizo, con ornamentos\u00a0<\/span><\/p>\n<p>[\/et_pb_blurb][et_pb_blurb title=\u00bbESCALERAS\u00bb url=\u00bbhttp:\/\/www.cerrajeriasanjuan.com\/es\/cerrajeria\/escaleras-2\/\u00bb use_icon=\u00bbon\u00bb font_icon=\u00bb&#x62;||divi||400&#8243; admin_label=\u00bbBlurb\u00bb _builder_version=\u00bb4.16&#8243; background_size=\u00bbinitial\u00bb background_position=\u00bbtop_left\u00bb background_repeat=\u00bbrepeat\u00bb text_orientation=\u00bbcenter\u00bb use_border_color=\u00bboff\u00bb border_color=\u00bb#ffffff\u00bb border_width=\u00bb1px\u00bb border_style=\u00bbsolid\u00bb global_colors_info=\u00bb{}\u00bb]<\/p>\n<p style=\"text-align: center;\"><span style=\"font-weight: 500; color: #000000;\">Para interiores y exteriores. Nuestras escaleras son muy\u00a0<\/span><strong style=\"font-weight: bold; color: #000000;\">resistentes y atractivas<\/strong><span style=\"font-weight: 500; color: #000000;\">, contribuyendo as\u00ed a dar un toque m\u00e1s personal\u00a0<\/span><\/p>\n<p>[\/et_pb_blurb][et_pb_text admin_label=\u00bbText\u00bb _builder_version=\u00bb4.16&#8243; background_size=\u00bbinitial\u00bb background_position=\u00bbtop_left\u00bb background_repeat=\u00bbrepeat\u00bb use_border_color=\u00bboff\u00bb border_style=\u00bbsolid\u00bb global_colors_info=\u00bb{}\u00bb]<br \/>\n[\/et_pb_text][\/et_pb_column][et_pb_column type=\u00bb1_4&#8243; _builder_version=\u00bb4.16&#8243; custom_padding=\u00bb|||\u00bb global_colors_info=\u00bb{}\u00bb custom_padding__hover=\u00bb|||\u00bb][et_pb_blurb title=\u00bbBARANDILLAS\u00bb url=\u00bbhttp:\/\/www.cerrajeriasanjuan.com\/es\/cerrajeria\/barandillas\/\u00bb use_icon=\u00bbon\u00bb font_icon=\u00bb&#xe60a;||divi||400&#8243; admin_label=\u00bbBlurb\u00bb _builder_version=\u00bb4.16&#8243; background_size=\u00bbinitial\u00bb background_position=\u00bbtop_left\u00bb background_repeat=\u00bbrepeat\u00bb text_orientation=\u00bbcenter\u00bb animation=\u00bboff\u00bb use_border_color=\u00bboff\u00bb border_color=\u00bb#ffffff\u00bb border_width=\u00bb1px\u00bb border_style=\u00bbsolid\u00bb global_colors_info=\u00bb{}\u00bb]<\/p>\n<p style=\"text-align: center;\"><span style=\"color: #000000;\">Fabricaci\u00f3n e Instalaci\u00f3n de barandillas de hierro y Forja estas se pueden clasificar en balaustres y art\u00edsticas.<\/span><\/p>\n<p>[\/et_pb_blurb][et_pb_blurb title=\u00bbFORJA\u00bb url=\u00bbhttp:\/\/www.cerrajeriasanjuan.com\/es\/cerrajeria\/forja\/\u00bb use_icon=\u00bbon\u00bb font_icon=\u00bb&#xe072;||divi||400&#8243; admin_label=\u00bbBlurb\u00bb _builder_version=\u00bb4.16&#8243; background_size=\u00bbinitial\u00bb background_position=\u00bbtop_left\u00bb background_repeat=\u00bbrepeat\u00bb text_orientation=\u00bbcenter\u00bb use_border_color=\u00bboff\u00bb border_color=\u00bb#ffffff\u00bb border_width=\u00bb1px\u00bb border_style=\u00bbsolid\u00bb global_colors_info=\u00bb{}\u00bb]<\/p>\n<p style=\"text-align: center;\"><span style=\"font-weight: 500; color: #000000;\">Utilizamos la m\u00e1s alta tecnolog\u00eda combinada con el proceso artesanal para hacer creaciones \u00fanicas, hechas a medida, espacio y necesidad\u00a0<\/span><\/p>\n<p>[\/et_pb_blurb][et_pb_blurb title=\u00bbPUERTAS\u00bb url=\u00bbhttp:\/\/www.cerrajeriasanjuan.com\/es\/cerrajeria\/puertas\/\u00bb use_icon=\u00bbon\u00bb font_icon=\u00bb&#xe074;||divi||400&#8243; admin_label=\u00bbBlurb\u00bb _builder_version=\u00bb4.16&#8243; background_size=\u00bbinitial\u00bb background_position=\u00bbtop_left\u00bb background_repeat=\u00bbrepeat\u00bb text_orientation=\u00bbcenter\u00bb use_border_color=\u00bboff\u00bb border_color=\u00bb#ffffff\u00bb border_width=\u00bb1px\u00bb border_style=\u00bbsolid\u00bb global_colors_info=\u00bb{}\u00bb]<br \/>\n[\/et_pb_blurb][\/et_pb_column][et_pb_column type=\u00bb1_4&#8243; _builder_version=\u00bb4.16&#8243; custom_padding=\u00bb|||\u00bb global_colors_info=\u00bb{}\u00bb custom_padding__hover=\u00bb|||\u00bb][et_pb_blurb title=\u00bbCHIMENEAS\u00bb url=\u00bbhttp:\/\/www.cerrajeriasanjuan.com\/es\/cerrajeria\/chimeneas\/\u00bb use_icon=\u00bbon\u00bb font_icon=\u00bb&#xe60f;||divi||400&#8243; admin_label=\u00bbBlurb\u00bb _builder_version=\u00bb4.16&#8243; background_size=\u00bbinitial\u00bb background_position=\u00bbtop_left\u00bb background_repeat=\u00bbrepeat\u00bb text_orientation=\u00bbcenter\u00bb use_border_color=\u00bboff\u00bb border_color=\u00bb#ffffff\u00bb border_width=\u00bb1px\u00bb border_style=\u00bbsolid\u00bb global_colors_info=\u00bb{}\u00bb]<\/p>\n<p style=\"text-align: center;\"><span style=\"color: #000000;\">Fabricamos chimeneas tanto para el interior de su vivienda o negocio, como para su jard\u00edn de exterior<\/span><\/p>\n<p>[\/et_pb_blurb][et_pb_blurb title=\u00bbHORNOS\u00bb url=\u00bbhttp:\/\/www.cerrajeriasanjuan.com\/es\/cerrajeria\/barbacoas\/\u00bb use_icon=\u00bbon\u00bb font_icon=\u00bb&#xe002;||divi||400&#8243; admin_label=\u00bbBlurb\u00bb _builder_version=\u00bb4.16&#8243; background_size=\u00bbinitial\u00bb background_position=\u00bbtop_left\u00bb background_repeat=\u00bbrepeat\u00bb text_orientation=\u00bbcenter\u00bb use_border_color=\u00bboff\u00bb border_color=\u00bb#ffffff\u00bb border_width=\u00bb1px\u00bb border_style=\u00bbsolid\u00bb global_colors_info=\u00bb{}\u00bb]<\/p>\n<p style=\"text-align: center;\"><span style=\"font-weight: 500; color: #000000;\">Hornos de gran capacidad, con puerta cristal vitrocer\u00e1mica, term\u00f3metro, bandeja acero inoxidable refractario<\/span><\/p>\n<p>[\/et_pb_blurb][et_pb_blurb title=\u00bbAPERTURA PUERTAS\u00bb url=\u00bbhttp:\/\/www.cerrajeriasanjuan.com\/es\/cerrajeria\/puertas\/\u00bb use_icon=\u00bbon\u00bb font_icon=\u00bb&#xe06d;||divi||400&#8243; admin_label=\u00bbBlurb\u00bb _builder_version=\u00bb4.16&#8243; background_size=\u00bbinitial\u00bb background_position=\u00bbtop_left\u00bb background_repeat=\u00bbrepeat\u00bb text_orientation=\u00bbcenter\u00bb use_border_color=\u00bboff\u00bb border_color=\u00bb#ffffff\u00bb border_width=\u00bb1px\u00bb border_style=\u00bbsolid\u00bb global_colors_info=\u00bb{}\u00bb]<br \/>\n[\/et_pb_blurb][\/et_pb_column][et_pb_column type=\u00bb1_4&#8243; _builder_version=\u00bb4.16&#8243; custom_padding=\u00bb|||\u00bb global_colors_info=\u00bb{}\u00bb custom_padding__hover=\u00bb|||\u00bb][et_pb_blurb title=\u00bbBARBACOAS\u00bb url=\u00bbhttp:\/\/www.cerrajeriasanjuan.com\/es\/cerrajeria\/barbacoas\/\u00bb use_icon=\u00bbon\u00bb font_icon=\u00bb&#xe602;||divi||400&#8243; admin_label=\u00bbBlurb\u00bb _builder_version=\u00bb4.16&#8243; background_size=\u00bbinitial\u00bb background_position=\u00bbtop_left\u00bb background_repeat=\u00bbrepeat\u00bb text_orientation=\u00bbcenter\u00bb animation=\u00bboff\u00bb use_border_color=\u00bboff\u00bb border_color=\u00bb#ffffff\u00bb border_width=\u00bb1px\u00bb border_style=\u00bbsolid\u00bb global_colors_info=\u00bb{}\u00bb]<\/p>\n<p style=\"text-align: center;\"><span style=\"color: #000000;\">Barbacoas y hornos tanto industriales, para negocios de Restaurantes, como para particulares adaptadas<\/span><\/p>\n<p>[\/et_pb_blurb][et_pb_blurb title=\u00bbPLEGADO DE CHAPAS\u00bb url=\u00bbhttp:\/\/www.cerrajeriasanjuan.com\/es\/chapas\/plegado-de-chapas\/\u00bb use_icon=\u00bbon\u00bb font_icon=\u00bb&#xe01f;||divi||400&#8243; admin_label=\u00bbBlurb\u00bb _builder_version=\u00bb4.16&#8243; background_size=\u00bbinitial\u00bb background_position=\u00bbtop_left\u00bb background_repeat=\u00bbrepeat\u00bb text_orientation=\u00bbcenter\u00bb link_option_url=\u00bbhttp:\/\/www.cerrajeriasanjuan.com\/es\/chapas\/plegado-de-chapas\/\u00bb use_border_color=\u00bboff\u00bb border_color=\u00bb#ffffff\u00bb border_width=\u00bb1px\u00bb border_style=\u00bbsolid\u00bb global_colors_info=\u00bb{}\u00bb]<\/p>\n<p> <span style=\"font-weight: 500; color: #000000;\">Plegado a\u00a0medida bajo plano de las chapas\u00a0que se suministran, siendo m\u00e1s facil el trabajo posterior de estos materiales.<\/span> <\/p>\n<p>[\/et_pb_blurb][et_pb_blurb admin_label=\u00bbBlurb\u00bb _builder_version=\u00bb4.16&#8243; background_size=\u00bbinitial\u00bb background_position=\u00bbtop_left\u00bb background_repeat=\u00bbrepeat\u00bb text_orientation=\u00bbcenter\u00bb use_border_color=\u00bboff\u00bb border_color=\u00bb#ffffff\u00bb border_width=\u00bb1px\u00bb border_style=\u00bbsolid\u00bb global_colors_info=\u00bb{}\u00bb]<br \/>\n[\/et_pb_blurb][\/et_pb_column][\/et_pb_row][\/et_pb_section][et_pb_section fb_built=\u00bb1&#8243; custom_padding_last_edited=\u00bbon|desktop\u00bb admin_label=\u00bbsection\u00bb _builder_version=\u00bb4.16&#8243; custom_padding_tablet=\u00bb50px|0|50px|0&#8243; custom_padding_phone=\u00bb\u00bb transparent_background=\u00bboff\u00bb padding_mobile=\u00bboff\u00bb global_colors_info=\u00bb{}\u00bb][et_pb_row padding_mobile=\u00bboff\u00bb column_padding_mobile=\u00bbon\u00bb admin_label=\u00bbrow\u00bb _builder_version=\u00bb4.16&#8243; background_size=\u00bbinitial\u00bb background_position=\u00bbtop_left\u00bb background_repeat=\u00bbrepeat\u00bb global_colors_info=\u00bb{}\u00bb][et_pb_column type=\u00bb4_4&#8243; _builder_version=\u00bb4.16&#8243; custom_padding=\u00bb|||\u00bb global_colors_info=\u00bb{}\u00bb custom_padding__hover=\u00bb|||\u00bb][et_pb_text admin_label=\u00bbText\u00bb _builder_version=\u00bb4.16&#8243; text_font_size=\u00bb15px\u00bb background_size=\u00bbinitial\u00bb background_position=\u00bbtop_left\u00bb background_repeat=\u00bbrepeat\u00bb use_border_color=\u00bboff\u00bb border_style=\u00bbsolid\u00bb global_colors_info=\u00bb{}\u00bb]<\/p>\n<h3 class=\"LETRAS\" style=\"color: #000000;\" align=\"justify\"><span class=\"texto\" style=\"color: #000000;\"><span class=\"LETRAS\" style=\"color: #000000;\"><span class=\"texto\" style=\"color: #000000;\">Somos Fabricantes de la mayoria de nuestros productos, con lo que podemor cubrir cualquier a de las necesidad que nos puedan solicitar nuestros clientes para sus viviendas, locales comerciales, comunidades, etc.<\/span><\/span><\/span><\/h3>\n<h3 class=\"LETRAS\" style=\"color: #000000;\" align=\"justify\"><span class=\"texto\" style=\"color: #000000;\">Utilizamos primeras marcas tanto para la fabricaci\u00f3n de nuestros trabajos como para la instalaci\u00f3n de ellos, con lo que el resultado final es lo que siempre esperan nuestros Clientes.<\/span><\/h3>\n<p>[\/et_pb_text][\/et_pb_column][\/et_pb_row][\/et_pb_section][et_pb_section fb_built=\u00bb1&#8243; custom_padding_last_edited=\u00bbon|desktop\u00bb admin_label=\u00bbsection\u00bb _builder_version=\u00bb4.16&#8243; custom_padding_tablet=\u00bb50px|0|50px|0&#8243; custom_padding_phone=\u00bb\u00bb transparent_background=\u00bboff\u00bb padding_mobile=\u00bboff\u00bb global_colors_info=\u00bb{}\u00bb][et_pb_row padding_mobile=\u00bboff\u00bb column_padding_mobile=\u00bbon\u00bb admin_label=\u00bbrow\u00bb _builder_version=\u00bb4.16&#8243; background_size=\u00bbinitial\u00bb background_position=\u00bbtop_left\u00bb background_repeat=\u00bbrepeat\u00bb global_colors_info=\u00bb{}\u00bb][et_pb_column type=\u00bb4_4&#8243; _builder_version=\u00bb4.16&#8243; custom_padding=\u00bb|||\u00bb global_colors_info=\u00bb{}\u00bb custom_padding__hover=\u00bb|||\u00bb][et_pb_text admin_label=\u00bbText\u00bb _builder_version=\u00bb4.16&#8243; background_size=\u00bbinitial\u00bb background_position=\u00bbtop_left\u00bb background_repeat=\u00bbrepeat\u00bb use_border_color=\u00bboff\u00bb border_color=\u00bb#ffffff\u00bb border_style=\u00bbsolid\u00bb global_colors_info=\u00bb{}\u00bb]<\/p>\n<h6>CERRAJERIA MARBELLA &#8211; PLEGADO CHAPAS &#8211; CORTE DE CHAPAS DE HASTA \u00a0&#8211; CORTE DE CHAPAS HASTA 3 METROS Y 13 MILIMETROS DE ESPESOR &#8211; FORJA SAN PEDRO DE ALCANTARA &#8211; ESCALERA DE HIERRO . ESTRUCTURAS METALICAS &#8211;\u00a0FABRICACION DE REJAS MARBELLA<\/h6>\n<p>[\/et_pb_text][\/et_pb_column][\/et_pb_row][\/et_pb_section]<\/p>\n","protected":false},"excerpt":{"rendered":"<p>Cerrajer\u00eda Sanju\u00e1n es una empresa del sector metal\u00fargico fundada en 1989. Desde sus inicios la l\u00ednea principal de actividad se centraba en la metalister\u00eda y cerrajer\u00eda artesana y de forja. Con el paso del tiempo, y ante las exigencias, necesidades y el desarrollo indispensable de este sector ha hecho que surjan nuevas l\u00edneas de actividad, [&hellip;]<\/p>\n","protected":false},"author":1,"featured_media":0,"parent":0,"menu_order":0,"comment_status":"open","ping_status":"open","template":"","meta":{"_et_pb_use_builder":"on","_et_pb_old_content":"","_et_gb_content_width":"","_joinchat":[],"footnotes":""},"class_list":["post-38","page","type-page","status-publish","hentry"],"yoast_head":"<!-- This site is optimized with the Yoast SEO plugin v23.6 - https:\/\/yoast.com\/wordpress\/plugins\/seo\/ -->\n<title>CERRAJERIA HIERRO MARBELLA - CERRAJERIA SAN JUAN<\/title>\n<meta name=\"description\" content=\"CERRAJERIA MARBELLA - PLEGADO CHAPAS - CORTE DE CHAPAS DE HASTA - CORTE DE CHAPAS HASTA 3 METROS Y 13 MILIMETROS DE ESPESOR - REJAS - PUERTAS -\" \/>\n<meta name=\"robots\" content=\"index, follow, max-snippet:-1, max-image-preview:large, max-video-preview:-1\" \/>\n<link rel=\"canonical\" href=\"http:\/\/www.cerrajeriasanjuan.com\/es\/\" \/>\n<meta property=\"og:locale\" content=\"es_ES\" \/>\n<meta property=\"og:type\" content=\"article\" \/>\n<meta property=\"og:title\" content=\"CERRAJERIA HIERRO MARBELLA - CERRAJERIA SAN JUAN\" \/>\n<meta property=\"og:description\" content=\"CERRAJERIA MARBELLA - PLEGADO CHAPAS - CORTE DE CHAPAS DE HASTA - CORTE DE CHAPAS HASTA 3 METROS Y 13 MILIMETROS DE ESPESOR - REJAS - PUERTAS -\" \/>\n<meta property=\"og:url\" content=\"http:\/\/www.cerrajeriasanjuan.com\/es\/\" \/>\n<meta property=\"og:site_name\" content=\"CERRAJERIA SANJUAN\" \/>\n<meta property=\"article:modified_time\" content=\"2024-09-04T09:17:53+00:00\" \/>\n<meta name=\"twitter:card\" content=\"summary_large_image\" \/>\n<meta name=\"twitter:label1\" content=\"Tiempo de lectura\" \/>\n\t<meta name=\"twitter:data1\" content=\"18 minutos\" \/>\n<script type=\"application\/ld+json\" class=\"yoast-schema-graph\">{\"@context\":\"https:\/\/schema.org\",\"@graph\":[{\"@type\":\"WebPage\",\"@id\":\"http:\/\/www.cerrajeriasanjuan.com\/es\/\",\"url\":\"http:\/\/www.cerrajeriasanjuan.com\/es\/\",\"name\":\"CERRAJERIA HIERRO MARBELLA - CERRAJERIA SAN JUAN\",\"isPartOf\":{\"@id\":\"http:\/\/www.cerrajeriasanjuan.com\/es\/#website\"},\"datePublished\":\"2014-07-08T16:54:12+00:00\",\"dateModified\":\"2024-09-04T09:17:53+00:00\",\"description\":\"CERRAJERIA MARBELLA - PLEGADO CHAPAS - CORTE DE CHAPAS DE HASTA - CORTE DE CHAPAS HASTA 3 METROS Y 13 MILIMETROS DE ESPESOR - REJAS - PUERTAS -\",\"breadcrumb\":{\"@id\":\"http:\/\/www.cerrajeriasanjuan.com\/es\/#breadcrumb\"},\"inLanguage\":\"es\",\"potentialAction\":[{\"@type\":\"ReadAction\",\"target\":[\"http:\/\/www.cerrajeriasanjuan.com\/es\/\"]}]},{\"@type\":\"BreadcrumbList\",\"@id\":\"http:\/\/www.cerrajeriasanjuan.com\/es\/#breadcrumb\",\"itemListElement\":[{\"@type\":\"ListItem\",\"position\":1,\"name\":\"Portada\",\"item\":\"http:\/\/www.cerrajeriasanjuan.com\/es\/\"},{\"@type\":\"ListItem\",\"position\":2,\"name\":\"INICIO\"}]},{\"@type\":\"WebSite\",\"@id\":\"http:\/\/www.cerrajeriasanjuan.com\/es\/#website\",\"url\":\"http:\/\/www.cerrajeriasanjuan.com\/es\/\",\"name\":\"CERRAJERIA SANJUAN\",\"description\":\"CERRAJERIA EN MARBELLA, rotulos, vallas publicitarias, luminosos, carteleria.\",\"potentialAction\":[{\"@type\":\"SearchAction\",\"target\":{\"@type\":\"EntryPoint\",\"urlTemplate\":\"http:\/\/www.cerrajeriasanjuan.com\/es\/?s={search_term_string}\"},\"query-input\":{\"@type\":\"PropertyValueSpecification\",\"valueRequired\":true,\"valueName\":\"search_term_string\"}}],\"inLanguage\":\"es\"}]}<\/script>\n<!-- \/ Yoast SEO plugin. -->","yoast_head_json":{"title":"CERRAJERIA HIERRO MARBELLA - CERRAJERIA SAN JUAN","description":"CERRAJERIA MARBELLA - PLEGADO CHAPAS - CORTE DE CHAPAS DE HASTA - CORTE DE CHAPAS HASTA 3 METROS Y 13 MILIMETROS DE ESPESOR - REJAS - PUERTAS -","robots":{"index":"index","follow":"follow","max-snippet":"max-snippet:-1","max-image-preview":"max-image-preview:large","max-video-preview":"max-video-preview:-1"},"canonical":"http:\/\/www.cerrajeriasanjuan.com\/es\/","og_locale":"es_ES","og_type":"article","og_title":"CERRAJERIA HIERRO MARBELLA - CERRAJERIA SAN JUAN","og_description":"CERRAJERIA MARBELLA - PLEGADO CHAPAS - CORTE DE CHAPAS DE HASTA - CORTE DE CHAPAS HASTA 3 METROS Y 13 MILIMETROS DE ESPESOR - REJAS - PUERTAS -","og_url":"http:\/\/www.cerrajeriasanjuan.com\/es\/","og_site_name":"CERRAJERIA SANJUAN","article_modified_time":"2024-09-04T09:17:53+00:00","twitter_card":"summary_large_image","twitter_misc":{"Tiempo de lectura":"18 minutos"},"schema":{"@context":"https:\/\/schema.org","@graph":[{"@type":"WebPage","@id":"http:\/\/www.cerrajeriasanjuan.com\/es\/","url":"http:\/\/www.cerrajeriasanjuan.com\/es\/","name":"CERRAJERIA HIERRO MARBELLA - CERRAJERIA SAN JUAN","isPartOf":{"@id":"http:\/\/www.cerrajeriasanjuan.com\/es\/#website"},"datePublished":"2014-07-08T16:54:12+00:00","dateModified":"2024-09-04T09:17:53+00:00","description":"CERRAJERIA MARBELLA - PLEGADO CHAPAS - CORTE DE CHAPAS DE HASTA - CORTE DE CHAPAS HASTA 3 METROS Y 13 MILIMETROS DE ESPESOR - REJAS - PUERTAS -","breadcrumb":{"@id":"http:\/\/www.cerrajeriasanjuan.com\/es\/#breadcrumb"},"inLanguage":"es","potentialAction":[{"@type":"ReadAction","target":["http:\/\/www.cerrajeriasanjuan.com\/es\/"]}]},{"@type":"BreadcrumbList","@id":"http:\/\/www.cerrajeriasanjuan.com\/es\/#breadcrumb","itemListElement":[{"@type":"ListItem","position":1,"name":"Portada","item":"http:\/\/www.cerrajeriasanjuan.com\/es\/"},{"@type":"ListItem","position":2,"name":"INICIO"}]},{"@type":"WebSite","@id":"http:\/\/www.cerrajeriasanjuan.com\/es\/#website","url":"http:\/\/www.cerrajeriasanjuan.com\/es\/","name":"CERRAJERIA SANJUAN","description":"CERRAJERIA EN MARBELLA, rotulos, vallas publicitarias, luminosos, carteleria.","potentialAction":[{"@type":"SearchAction","target":{"@type":"EntryPoint","urlTemplate":"http:\/\/www.cerrajeriasanjuan.com\/es\/?s={search_term_string}"},"query-input":{"@type":"PropertyValueSpecification","valueRequired":true,"valueName":"search_term_string"}}],"inLanguage":"es"}]}},"_links":{"self":[{"href":"http:\/\/www.cerrajeriasanjuan.com\/es\/wp-json\/wp\/v2\/pages\/38"}],"collection":[{"href":"http:\/\/www.cerrajeriasanjuan.com\/es\/wp-json\/wp\/v2\/pages"}],"about":[{"href":"http:\/\/www.cerrajeriasanjuan.com\/es\/wp-json\/wp\/v2\/types\/page"}],"author":[{"embeddable":true,"href":"http:\/\/www.cerrajeriasanjuan.com\/es\/wp-json\/wp\/v2\/users\/1"}],"replies":[{"embeddable":true,"href":"http:\/\/www.cerrajeriasanjuan.com\/es\/wp-json\/wp\/v2\/comments?post=38"}],"version-history":[{"count":133,"href":"http:\/\/www.cerrajeriasanjuan.com\/es\/wp-json\/wp\/v2\/pages\/38\/revisions"}],"predecessor-version":[{"id":910,"href":"http:\/\/www.cerrajeriasanjuan.com\/es\/wp-json\/wp\/v2\/pages\/38\/revisions\/910"}],"wp:attachment":[{"href":"http:\/\/www.cerrajeriasanjuan.com\/es\/wp-json\/wp\/v2\/media?parent=38"}],"curies":[{"name":"wp","href":"https:\/\/api.w.org\/{rel}","templated":true}]}}